{"version":"1.0","provider_name":"Chambre d&#039;H\u00f4tes Blog | Bedandbreakfast.eu","provider_url":"https:\/\/blog.bedandbreakfast.eu\/fr\/","author_name":"Josjah Thalen","author_url":"https:\/\/blog.bedandbreakfast.eu\/fr\/author\/josjah\/","title":"Chambres d'h\u00f4tes sous le soleil su\u00e9dois - Chambre d&#039;H\u00f4tes Blog | Bedandbreakfast.eu","type":"rich","width":600,"height":338,"html":"<blockquote class=\"wp-embedded-content\" data-secret=\"hGxkRdJqC9\"><a href=\"https:\/\/blog.bedandbreakfast.eu\/fr\/chambres-dhotes-sous-le-soleil-suedois\/\">Chambres d&#8217;h\u00f4tes sous le soleil su\u00e9dois<\/a><\/blockquote><iframe sandbox=\"allow-scripts\" security=\"restricted\" src=\"https:\/\/blog.bedandbreakfast.eu\/fr\/chambres-dhotes-sous-le-soleil-suedois\/embed\/#?secret=hGxkRdJqC9\" width=\"600\" height=\"338\" title=\"&#8220;Chambres d&#8217;h\u00f4tes sous le soleil su\u00e9dois&#8221; &#8212; Chambre d&#039;H\u00f4tes Blog | Bedandbreakfast.eu\" data-secret=\"hGxkRdJqC9\" frameborder=\"0\" marginwidth=\"0\" marginheight=\"0\" scrolling=\"no\" class=\"wp-embedded-content\"><\/iframe><script type=\"text\/javascript\">\n\/* <![CDATA[ *\/\n\/*! This file is auto-generated *\/\n!function(d,l){\"use strict\";l.querySelector&&d.addEventListener&&\"undefined\"!=typeof URL&&(d.wp=d.wp||{},d.wp.receiveEmbedMessage||(d.wp.receiveEmbedMessage=function(e){var t=e.data;if((t||t.secret||t.message||t.value)&&!\/[^a-zA-Z0-9]\/.test(t.secret)){for(var s,r,n,a=l.querySelectorAll('iframe[data-secret=\"'+t.secret+'\"]'),o=l.querySelectorAll('blockquote[data-secret=\"'+t.secret+'\"]'),c=new RegExp(\"^https?:$\",\"i\"),i=0;i<o.length;i++)o[i].style.display=\"none\";for(i=0;i<a.length;i++)s=a[i],e.source===s.contentWindow&&(s.removeAttribute(\"style\"),\"height\"===t.message?(1e3<(r=parseInt(t.value,10))?r=1e3:~~r<200&&(r=200),s.height=r):\"link\"===t.message&&(r=new URL(s.getAttribute(\"src\")),n=new URL(t.value),c.test(n.protocol))&&n.host===r.host&&l.activeElement===s&&(d.top.location.href=t.value))}},d.addEventListener(\"message\",d.wp.receiveEmbedMessage,!1),l.addEventListener(\"DOMContentLoaded\",function(){for(var e,t,s=l.querySelectorAll(\"iframe.wp-embedded-content\"),r=0;r<s.length;r++)(t=(e=s[r]).getAttribute(\"data-secret\"))||(t=Math.random().toString(36).substring(2,12),e.src+=\"#?secret=\"+t,e.setAttribute(\"data-secret\",t)),e.contentWindow.postMessage({message:\"ready\",secret:t},\"*\")},!1)))}(window,document);\n\/\/# sourceURL=https:\/\/blog.bedandbreakfast.eu\/wp-includes\/js\/wp-embed.min.js\n\/* ]]> *\/\n<\/script>\n","description":"La neige, ABBA et les saunas su\u00e9dois. Nous avons tous certaines associations diff\u00e9rentes avec la Su\u00e8de, mais un bel \u00e9t\u00e9 manque souvent parmi ces mots. Il est alors temps pour Bedandbreakfast.eu d\u2019y apporter un changement !","thumbnail_url":"https://blog.bedandbreakfast.eu/wp-content\/uploads\/2013\/05\/Strand_huisje.jpg"}